{"id":1573,"date":"2024-05-15T08:47:57","date_gmt":"2024-05-15T06:47:57","guid":{"rendered":"https:\/\/hotelaeroe.dk.linux203.curanetserver.dk\/?page_id=1573"},"modified":"2025-01-06T10:34:25","modified_gmt":"2025-01-06T09:34:25","slug":"datenschutzrichtlinie","status":"publish","type":"page","link":"https:\/\/hotelaeroe.dk\/de\/privatlivspolitik\/","title":{"rendered":"Datenschutzrichtlinie"},"content":{"rendered":"\t\t<div data-elementor-type=\"wp-page\" data-elementor-id=\"1573\" class=\"elementor elementor-1573\" data-elementor-post-type=\"page\">\n\t\t\t\t\t\t<section class=\"elementor-section elementor-top-section elementor-element elementor-element-e81bb22 elementor-section-height-min-height elementor-section-items-bottom elementor-section-boxed elementor-section-height-default\" data-id=\"e81bb22\" data-element_type=\"section\" data-e-type=\"section\" data-settings=\"{&quot;background_background&quot;:&quot;slideshow&quot;,&quot;background_slideshow_gallery&quot;:[{&quot;id&quot;:544,&quot;url&quot;:&quot;https:\\\/\\\/hotelaeroe.dk\\\/wp-content\\\/uploads\\\/2023\\\/11\\\/5_2.1.1.jpg&quot;}],&quot;background_slideshow_loop&quot;:&quot;yes&quot;,&quot;background_slideshow_slide_duration&quot;:5000,&quot;background_slideshow_slide_transition&quot;:&quot;fade&quot;,&quot;background_slideshow_transition_duration&quot;:500}\">\n\t\t\t\t\t\t\t<div class=\"elementor-background-overlay\"><\/div>\n\t\t\t\t\t\t\t<div class=\"elementor-container elementor-column-gap-default\">\n\t\t\t\t\t<div class=\"elementor-column elementor-col-100 elementor-top-column elementor-element elementor-element-2009516\" data-id=\"2009516\" data-element_type=\"column\" data-e-type=\"column\">\n\t\t\t<div class=\"elementor-widget-wrap elementor-element-populated\">\n\t\t\t\t\t\t<div class=\"elementor-element elementor-element-e28dbe3 elementor-widget elementor-widget-heading\" data-id=\"e28dbe3\" data-element_type=\"widget\" data-e-type=\"widget\" data-widget_type=\"heading.default\">\n\t\t\t\t<div class=\"elementor-widget-container\">\n\t\t\t\t\t<h1 class=\"elementor-heading-title elementor-size-default\">Privatlivspolitik<\/h1>\t\t\t\t<\/div>\n\t\t\t\t<\/div>\n\t\t\t\t\t<\/div>\n\t\t<\/div>\n\t\t\t\t\t<\/div>\n\t\t<\/section>\n\t\t\t\t<section class=\"elementor-section elementor-top-section elementor-element elementor-element-19155e2 elementor-section-boxed elementor-section-height-default elementor-section-height-default\" data-id=\"19155e2\" data-element_type=\"section\" data-e-type=\"section\">\n\t\t\t\t\t\t<div class=\"elementor-container elementor-column-gap-default\">\n\t\t\t\t\t<div class=\"elementor-column elementor-col-100 elementor-top-column elementor-element elementor-element-f4bbbb4\" data-id=\"f4bbbb4\" data-element_type=\"column\" data-e-type=\"column\">\n\t\t\t<div class=\"elementor-widget-wrap elementor-element-populated\">\n\t\t\t\t\t\t<div class=\"elementor-element elementor-element-aefd055 elementor-widget elementor-widget-text-editor\" data-id=\"aefd055\" data-element_type=\"widget\" data-e-type=\"widget\" data-widget_type=\"text-editor.default\">\n\t\t\t\t<div class=\"elementor-widget-container\">\n\t\t\t\t\t\t\t\t\t<h3>1. Form\u00e5l med politik<\/h3>\n<p>Form\u00e5let med denne privatlivspolitik er at g\u00f8re dig opm\u00e6rksom p\u00e5, hvordan Halberg Hotels A\/S (\u201dvi\u201d, \u201dos\u201d) behandler personoplysninger. Med denne politik \u00f8nsker vi at informere dig om, hvilke oplysninger der indsamles og behandles, og hvor l\u00e6nge de opbevares. Privatlivspolitikken omhandler behandling af personoplysninger ved Halberg Hotels A\/S. som omfatter Hotel Svendborg, Hotel Fredericia, Hotel Garni og Hotel \u00c6r\u00f8 (ben\u00e6vnes tilsammen \u201dHalberg Hotels A\/S\u201d i det f\u00f8lgende), n\u00e5r du indg\u00e5r aftaler, interagerer eller p\u00e5 anden m\u00e5de udveksler personoplysninger med os.<\/p>\n<h3>2. Beskrivelse af behandlingerne<\/h3>\n<p>Halberg Hotels A\/S behandler dine oplysninger til et eller flere specifikke form\u00e5l og i overensstemmelse med databeskyttelsesreglerne. Vi behandler bl.a. dine oplysninger, hvis du er kunde\/g\u00e6st, samarbejdspartner, leverand\u00f8r, bes\u00f8ger vores hjemmeside eller vores sociale medie, kontakter os via vores kontaktformuler, modtager vores nyhedsbrev eller s\u00f8ger job hos os. Oplysningerne vil som alt overvejende udgangspunkt komme direkte fra dig, og vi behandler alene dine oplysninger, s\u00e5 l\u00e6nge det er n\u00f8dvendigt af hensyn til det form\u00e5l, hvortil de blev indsamlet.<\/p>\n<p>Nedenfor kan du l\u00e6se mere om de typer af behandlinger, vi foretager.<\/p>\n<p>2.1.3 Kundeforhold<\/p>\n<p>Halberg Hotels A\/S behandler personoplysninger i forbindelse med bes\u00f8g eller ophold p\u00e5 vores hoteller om private kunder og om kontaktpersonen ved vores erhvervskunder for at kunne indg\u00e5 og opfylde en aftale GDPR art. 6(1)(b). Disse oplysninger omfatter kontaktoplysninger som navn, stillingsbetegnelse, firmanavn, e-mail, adresse, telefonnummer og oplysninger om dit k\u00f8b eller ophold samt betalings- og\/eller bankoplysninger.<\/p>\n<p>I visse tilf\u00e6lde behandler vi endvidere helbredsoplysninger, herunder oplysninger om handicap, allergi, s\u00e6rlige f\u00f8de f\u00f8devarepr\u00e6ferencer samt andre helbreds- eller medicinoplysninger. Vi behandler disse oplysninger p\u00e5 baggrund af dit udtrykkelige mundtlige samtykke jf. GDPR art. 9(2)(a)<\/p>\n<p>Vi sletter oplysningerne l\u00f8bende, dog senest 5 \u00e5r efter endt kundeforhold.<\/p>\n<p>I nogle tilf\u00e6lde kan vi supplere vores oplysninger om dig med de oplysninger, du l\u00f8bende giver os, f.eks. oplysninger om \u00f8nsker i forbindelse med tidligere arrangementer eller konferencer, s\u00e5ledes at vi kan g\u00f8re vores markedsf\u00f8ring s\u00e5 relevant som muligt for dig. Dette sker p\u00e5 baggrund af vores legitime interesse jf. GDPR art. 6(1)(f), da vi vurderer, at vores interesse i at tilbyde dig den bedste service vejer tungere, end din interesse i at s\u00e5danne almindelige oplysninger \u2013 du giver os \u2013 ikke behandles. Du har selvf\u00f8lgelig altid mulighed for at f\u00e5 indsigt i s\u00e5danne oplysninger og f\u00e5 dem slettet. L\u00e6s mere om dine rettigheder i afsnit 4 nedenfor<\/p>\n<p>2.1.1 Hjemmeside og cookies<\/p>\n<p>I forbindelse med den almindelige drift af vores hjemmeside indsamler vi personoplysninger om dig via cookies for at forbedre hjemmesidens udseende og brugeroplevelse, samt til at udarbejde statistikker. Vi indsamler kun dine personoplysninger, hvis du har givet dit samtykke hertil. De oplysninger, som vi indsamler via cookies, omfatter din IP-adresse, browsertype, enhed (type, version, operativsystem m.v.) samt brugeradf\u00e6rd, herunder sidehenvisninger.<\/p>\n<p>Du kan til enhver tid tr\u00e6kke dit samtykke tilbage. L\u00e6s mere om dette i de forskellige hotellers cookiepolitik.<\/p>\n<p>Cookiedeklaration for Hotel \u00c6r\u00f8&nbsp;her<br>P\u00e5 Hotel Svendborg, Hotel Fredericia og Hotel \u00c6r\u00f8s hjemmesider har du mulighed for at kontakte os via diverse kontaktformularer. &nbsp;N\u00e5r du kontakter os via vores generelle kontaktformular p\u00e5 vores hjemmeside, behandler vi personoplysninger s\u00e5 som navn, e-mail samt telefonnummer. Der er ogs\u00e5 mulighed for at skrive i et fritekstfelt, men vi frar\u00e5der at skrive personoplysninger i dette felt, medmindre det er relevant for henvendelse. N\u00e5r du anvender kontaktformularen vedr. foresp\u00f8rgsel p\u00e5 ophold, behandler vi endvidere oplysninger om ankomsttidspunkt og antal b\u00f8rn. I forbindelse med vores kontaktformular vedr. modtagelse af tilbud, giver du samtidig samtykke til, at vi m\u00e5 kontakte dig med et tilbud via mail jf. GDPR art. 6(1)(a).<\/p>\n<p>De oplysninger vi behandler via vores kontaktformular slettes l\u00f8bende og senest 5 \u00e5r efter seneste kontakt.<\/p>\n<p>Vi indsamler endvidere dine oplysninger, hvis du anvender vores chat-funktion. I denne situation behandler vi oplysninger om dit navn, e-mail og telefonnummer. Vi behandler oplysningerne i overensstemmelse med GDPR art. 6(1)(f), idet vi har en legitim interesse i at besvare din henvendelse.<\/p>\n<p>P\u00e5 vores hjemmeside har vi desuden integrerede plugins fra sociale medier, som den vej igennem har mulighed for at indsamle data om dig, hvis du har give samtykke hertil. Vi har i den forbindelse et f\u00e6lles dataansvar med hvert medie. Vi anvender integrerede plugins fra Facebook, Instagram og LinkedIn.<\/p>\n<p>2.1.2&nbsp;&nbsp;&nbsp;&nbsp;&nbsp;&nbsp;&nbsp;Social medier<\/p>\n<p>Vi anvender f\u00f8lgende sociale medier Facebook, Instagram og LinkedIn til at komme i kontakt med vores kunder og potentielle kunder, samt fremme vores markedsf\u00f8ringstiltag. Hvis du har v\u00e6ret inde og \u201dlike\u201d vores fanside p\u00e5 det sociale medie eller har v\u00e6ret i kontakt med os igennem dette, behandler vi undg\u00e5eligt dine personoplysninger. Vi behandler hertil kun oplysninger om dit navn og e-mail samt evt. oplysninger om dit k\u00f8b eller ophold, hvis det fremg\u00e5r af konteksten.<\/p>\n<p>Hvis du kontakter os via sociale medier, behandler vi dine personoplysninger p\u00e5 baggrund af vores interesse i at kunne kontakte dig og svare p\u00e5 dine henvendelser, jf. GDPR-artikel 6(1)(f). Oplysningerne vil stamme fra dig og det sociale medie, som du kontakter os igennem.<\/p>\n<p>Vi har et s\u00e5kaldt f\u00e6lles dataansvar med de sociale medier vi anvender, idet vi begge behandler dine personoplysninger til egne form\u00e5l. Du kan l\u00e6se mere de sociale mediers behandling af dine personoplysninger i det f\u00f8lgende:<\/p>\n<p>Du kan l\u00e6se mere om Facebook og Instagrams behandling af dine personoplysninger&nbsp;her, og om det f\u00e6lles dataansvar<br>Du kan endvidere l\u00e6se om LinkedIns behandling af dine personoplysninger&nbsp;her&nbsp;og det f\u00e6lles dataansvar&nbsp;her.<br>Oplysninger behandlet ifm. sociale medier, som omhandler direkte kommunikation via de sociale medier slettes med det sammen. Opslag p\u00e5 f.eks. Facebook-sider eller i offentlige grupper slettes ikke, idet et opslag eller en kommentar p\u00e5 Facebook-sider eller i offentlige grupper betragtes som v\u00e6rende offentlige omr\u00e5der. Du kan l\u00e6ser mere om offentlige omr\u00e5der&nbsp;her<\/p>\n<p>2.1.4 Markedsf\u00f8ring<\/p>\n<p>Vi behandler kun dine personoplysninger til brug for markedsf\u00f8ring, hvis du har givet dit samtykke i overensstemmelse med GDPR art. 6(1)(a) til f.eks. at modtage nyhedsbreve om events, aktiviteter og tilbud. Omfanget af vores behandling fremg\u00e5r af det konkrete samtykke.<\/p>\n<p>Hvis du har givet samtykke til at modtage markedsf\u00f8ring fra Hotel Svendborg eller Hotel Fredericia, behandler vi som udgangspunkt oplysninger om navn, e-mail, virksomhed.<\/p>\n<p>Vi opbevarer dine oplysninger s\u00e5 l\u00e6nge du er tilmeldt nyhedsbrevet og i 3 \u00e5r efter afmelding.<\/p>\n<p>Du har til enhver tid ret til at tr\u00e6kke dit samtykke tilbage ved at eller benytte linket hertil i de nyhedsbreve, du modtager.<\/p>\n<p>2.1.5 Videooverv\u00e5gning<\/p>\n<p>Vi har jf. TV-overv\u00e5gningsloven tilladelse til at ops\u00e6tte TV-overv\u00e5gning, idet vi er en hotel- og restaurationsvirksomhed. Der er derfor opsat TV-overv\u00e5gning p\u00e5 omr\u00e5der s\u00e5 som parkeringsplads, gange, reception, restaurant og bagindgang. Form\u00e5let med TV-overv\u00e5gningen er at sikre g\u00e6ster og ansattes tryghed og for at forebygge kriminalitet jf. art. 6 (1)(f).<\/p>\n<p>Personoplysninger slettes 7 dage efter, at optagelserne er blevet optaget jf. TV-overv\u00e5gningslovens \u00a7 4 c, stk. 4.<\/p>\n<p>Billed- og lydoptagelser med personoplysninger videregives kun, hvis du har givet dit udtrykkelige samtykke, hvis det f\u00f8lge af lov, eller hvis videregivelsen sker i forbindelse med kriminalitetsopklarende \u00f8jemed.<\/p>\n<p>2.1.6 Jobans\u00f8gere<\/p>\n<p>Hvis du s\u00f8ger et job hos Hotel Svendborg, Hotel Fredericia eller Hotel \u00c6r\u00f8, behandler vi dine personoplysninger med henblik p\u00e5 at vurdere, om du er kvalificeret til en eksisterende eller fremtidig stilling hos os. Vi behandler de oplysninger, du giver os, herunder navn, kontaktoplysninger, arbejds- og uddannelsesm\u00e6ssige forhold, uddannelsesniveau, billede, CV, ans\u00f8gning, referencer og tilg\u00e6ngelighedsdato samt hvis relevant videopr\u00e6sentation.<\/p>\n<p>Vi behandler dine oplysninger for at kunne indg\u00e5 en aftale med dig om ans\u00e6ttelse GDPR art. 6(1)(b) og i de tilf\u00e6lde, hvor vi vurderer, at vores interesser i at behandle dine personoplysninger overstiger dine interesser i, at de ikke behandles, f.eks. oplysninger indsamlet fra sociale medier offentliggjort af dig eller oplysninger opn\u00e5et via gennemf\u00f8relsen af en personligheds- og f\u00e6rdighedstest (GDPR art. 6(1)(f).<\/p>\n<p>Vi deler dine personoplysninger med de medarbejdere, der er involveret i rekrutteringsprocessen samt videregiver dine personoplysninger til de virksomheder, som gennemf\u00f8rer personligheds- og f\u00e6rdighedstesten samt evt. rekrutteringsfirma.<\/p>\n<p>Hvis vi \u00f8nsker at opbevare dine oplysninger udover rekrutteringsperioden, indhenter vi dit samtykke.<\/p>\n<p>2.1.7 Leverand\u00f8rer og samarbejdspartnere<\/p>\n<p>N\u00e5r vi indg\u00e5r aftaler med leverand\u00f8rer og samarbejdspartnere, behandler vi oplysninger om disses kontaktpersoner. Det omfatter oplysninger om navn, stillingsbetegnelse, telefonnummer, e-mail og om n\u00f8dvendigt betalings- eller bankoplysninger.<\/p>\n<p>Oplysningerne behandles enten, fordi det er n\u00f8dvendigt af hensyn til opfyldelse af aftalen med den p\u00e5g\u00e6ldende leverand\u00f8r eller samarbejdspartner GDPR art. 6(1)(b), eller fordi vi som led i aftalen har en legitim interesse i at behandle den p\u00e5g\u00e6ldendes kontaktoplysninger GDPR art. 6(1)(f).<\/p>\n<p>Vi opbevarer relevante kontaktoplysninger igennem vores samarbejde. Skriftlige korrespondancer slettes l\u00f8bende, og oplysninger som er n\u00f8dvendige til at opfylde vores forpligtelser efter bogf\u00f8ringsloven opbevares i 5 \u00e5r plus l\u00f8bende regnskabs\u00e5r jf. bogf\u00f8ringslovens \u00a7 10, stk. 1.<\/p>\n<h3>3. Modtagere af personoplysninger<\/h3>\n<p>Vi behandler dine personoplysninger med fortrolighed, og vi videregiver som udgangspunkt ikke oplysningerne til tredjeparter. Vi kan dog videregive dine personoplysninger, hvis du har givet dit samtykke eller vi har en berettiget interesse i videregivelsen.<\/p>\n<p>Hotel Fredericia er en del af hotelk\u00e6den Best Western International Inc, hvorfor vi deler dine oplysninger med b\u00e5de Best Western Scandinavia og Best Western International. Da Best Western International Inc er beliggende i USA, forekommer der dermed overf\u00f8rsel af persondata til et tredjeland, hvor der er s\u00f8rget for et lovligt overf\u00f8rselsgrundlag i form af EU-Kommissionens standardbestemmelser.<\/p>\n<p>Vi kan overlade personoplysninger til vores systemleverand\u00f8rer, der behandler personoplysninger p\u00e5 vores vegne og efter vores specifikke instruks i henhold til den indg\u00e5ede databehandleraftale.<\/p>\n<p>I nogle tilf\u00e6lde benytter vi databehandlere uden for EU\/E\u00d8S, hvorved personoplysninger kan blive overf\u00f8rt til tredjelande, bl.a. i forbindelse med vores brug af cloudl\u00f8sninger. Hertil anvender vi et gyldigt overf\u00f8rselsgrundlag (evt. herunder Standard Contractual Clauses) inden vi overf\u00f8rer personoplysningerne. Overf\u00f8relsen sker alene under iagttagelse af de n\u00f8dvendige sikkerhedsgarantier som kr\u00e6vet efter g\u00e6ldende databeskyttelseslovgivning og der foretages altid en individuel vurdering vedr\u00f8rende behov for supplerende foranstaltninger Du kan kontakte post@hotel-aeroe.dk for at f\u00e5 oplysninger om det konkrete behandlingsgrundlag i den sammenh\u00e6ng.<\/p>\n<h3>4. Dine rettigheder<\/h3>\n<p>N\u00e5r vi indsamler oplysninger om dig, har du en r\u00e6kke grundl\u00e6ggende rettigheder efter persondatareglerne, som du kan g\u00f8re brug af. Dine rettigheder omfatter retten til at anmode om indsigt i og berigtigelse eller sletning af dine personoplysninger, begr\u00e6nsning af og indsigelse mod vores behandling, samt retten til at modtage dine oplysninger i et struktureret, almindelig anvendt og maskinl\u00e6sbart format (dataportabilitet).<\/p>\n<p>Ovenfor n\u00e6vnte rettigheder kan v\u00e6re tilknyttet betingelser og begr\u00e6nsninger. Hvorvidt du som registreret kan anmode om f.eks. at f\u00e5 dine personoplysninger slettet, vil i alle tilf\u00e6lde afh\u00e6nge af en konkret vurdering.<\/p>\n<p>Hvis du har givet dit samtykke til vores behandling af dine oplysninger, har du til enhver tid ret til at tilbagekalde dette samtykke.<\/p>\n<p>Hvis du er utilfreds med vores behandling af dine personoplysninger, kan du indgive en klage til Datatilsynet via deres hjemmeside&nbsp;www.datatilsynet.dk&nbsp;eller ved at ringe p\u00e5 tlf. <a href=\"tel:+4533193200\">33 19 32 00.<\/a><\/p>\n<h3>5. Vores kontaktoplysninger<\/h3>\n<p>Den virksomhed, som er ansvarlig for behandling af dine personoplysninger, er:<\/p>\n<p>Hotel \u00c6r\u00f8 A\/S<\/p>\n<p>CVR.nr: <font color=\"#191514\" face=\"Roboto, Helvetica, Arial, sans-serif\"><span style=\"font-size: 14px; letter-spacing: 0.13132px;\">43105957<\/span><\/font><\/p>\n<p>Brogade 1-3, 5700 Svendborg<\/p>\n<p>E-mail: post@hotel-aeroe.dk<\/p>\n<p>Tlf.: <a href=\"tel:+4562211700\">+45 62 21&nbsp;<\/a>07 60<\/p>\n<p>Hvis du har sp\u00f8rgsm\u00e5l vedr\u00f8rende vores behandling af dine personoplysninger, kan du kontakte os p\u00e5 post@hotel-aeroe.dk&nbsp;eller p\u00e5 telefon <a href=\"tel:+4562211700\">+45 62 21&nbsp;<\/a>07 60<\/p>\n<h3>6. \u00c6ndringer<\/h3>\n<p>Vi forbeholder os retten til at opdatere og \u00e6ndre n\u00e6rv\u00e6rende retningslinjer for behandling af personoplysninger. I tilf\u00e6lde af v\u00e6sentlige \u00e6ndringer retter vi henvendelse til dig i form af e-mail eller synlig meddelelse p\u00e5 vores website.<\/p>\n<p>Denne privatlivspolitik er senest \u00e6ndret den 06.01.2025.<\/p>\t\t\t\t\t\t\t\t<\/div>\n\t\t\t\t<\/div>\n\t\t\t\t\t<\/div>\n\t\t<\/div>\n\t\t\t\t\t<\/div>\n\t\t<\/section>\n\t\t\t\t<\/div>\n\t\t","protected":false},"excerpt":{"rendered":"<p>Privatlivspolitik 1. Form\u00e5l med politik Form\u00e5let med denne privatlivspolitik er at g\u00f8re dig opm\u00e6rksom p\u00e5, hvordan Halberg Hotels A\/S (\u201dvi\u201d, \u201dos\u201d) behandler personoplysninger. Med denne politik \u00f8nsker vi at informere dig om, hvilke oplysninger der indsamles og behandles, og hvor l\u00e6nge de opbevares. Privatlivspolitikken omhandler behandling af personoplysninger ved Halberg Hotels A\/S. som omfatter Hotel [&hellip;]<\/p>\n","protected":false},"author":2,"featured_media":1948,"parent":0,"menu_order":0,"comment_status":"closed","ping_status":"closed","template":"","meta":{"footnotes":""},"class_list":["post-1573","page","type-page","status-publish","has-post-thumbnail","hentry"],"yoast_head":"<!-- This site is optimized with the Yoast SEO plugin v27.4 - https:\/\/yoast.com\/product\/yoast-seo-wordpress\/ -->\n<title>Privatlivspolitik | Hotel \u00c6r\u00f8 | L\u00e6s mere her<\/title>\n<meta name=\"description\" content=\"Med denne politik \u00f8nsker vi at informere dig om, hvilke oplysninger der indsamles og behandles og hvor l\u00e6nge de opbevares. Se mere her.\" \/>\n<meta name=\"robots\" content=\"index, follow, max-snippet:-1, max-image-preview:large, max-video-preview:-1\" \/>\n<link rel=\"canonical\" href=\"https:\/\/hotelaeroe.dk\/de\/datenschutzrichtlinie\/\" \/>\n<meta property=\"og:locale\" content=\"de_DE\" \/>\n<meta property=\"og:type\" content=\"article\" \/>\n<meta property=\"og:title\" content=\"Privatlivspolitik | Hotel \u00c6r\u00f8 | L\u00e6s mere her\" \/>\n<meta property=\"og:description\" content=\"Med denne politik \u00f8nsker vi at informere dig om, hvilke oplysninger der indsamles og behandles og hvor l\u00e6nge de opbevares. Se mere her.\" \/>\n<meta property=\"og:url\" content=\"https:\/\/hotelaeroe.dk\/de\/datenschutzrichtlinie\/\" \/>\n<meta property=\"og:site_name\" content=\"Hotel \u00c6r\u00f8\" \/>\n<meta property=\"article:modified_time\" content=\"2025-01-06T09:34:25+00:00\" \/>\n<meta property=\"og:image\" content=\"https:\/\/hotelaeroe.dk\/wp-content\/uploads\/2024\/05\/MAGNA_LUX__Aero_053-1.jpg\" \/>\n\t<meta property=\"og:image:width\" content=\"1920\" \/>\n\t<meta property=\"og:image:height\" content=\"1280\" \/>\n\t<meta property=\"og:image:type\" content=\"image\/jpeg\" \/>\n<meta name=\"twitter:card\" content=\"summary_large_image\" \/>\n<meta name=\"twitter:label1\" content=\"Gesch\u00e4tzte Lesezeit\" \/>\n\t<meta name=\"twitter:data1\" content=\"11\u00a0Minuten\" \/>\n<script type=\"application\/ld+json\" class=\"yoast-schema-graph\">{\"@context\":\"https:\\\/\\\/schema.org\",\"@graph\":[{\"@type\":\"WebPage\",\"@id\":\"https:\\\/\\\/hotelaeroe.dk\\\/privatlivspolitik\\\/\",\"url\":\"https:\\\/\\\/hotelaeroe.dk\\\/privatlivspolitik\\\/\",\"name\":\"Privatlivspolitik | Hotel \u00c6r\u00f8 | L\u00e6s mere her\",\"isPartOf\":{\"@id\":\"https:\\\/\\\/hotelaeroe.dk\\\/#website\"},\"primaryImageOfPage\":{\"@id\":\"https:\\\/\\\/hotelaeroe.dk\\\/privatlivspolitik\\\/#primaryimage\"},\"image\":{\"@id\":\"https:\\\/\\\/hotelaeroe.dk\\\/privatlivspolitik\\\/#primaryimage\"},\"thumbnailUrl\":\"https:\\\/\\\/hotelaeroe.dk\\\/wp-content\\\/uploads\\\/2024\\\/05\\\/MAGNA_LUX__Aero_053-1.jpg\",\"datePublished\":\"2024-05-15T06:47:57+00:00\",\"dateModified\":\"2025-01-06T09:34:25+00:00\",\"description\":\"Med denne politik \u00f8nsker vi at informere dig om, hvilke oplysninger der indsamles og behandles og hvor l\u00e6nge de opbevares. Se mere her.\",\"breadcrumb\":{\"@id\":\"https:\\\/\\\/hotelaeroe.dk\\\/privatlivspolitik\\\/#breadcrumb\"},\"inLanguage\":\"de\",\"potentialAction\":[{\"@type\":\"ReadAction\",\"target\":[\"https:\\\/\\\/hotelaeroe.dk\\\/privatlivspolitik\\\/\"]}]},{\"@type\":\"ImageObject\",\"inLanguage\":\"de\",\"@id\":\"https:\\\/\\\/hotelaeroe.dk\\\/privatlivspolitik\\\/#primaryimage\",\"url\":\"https:\\\/\\\/hotelaeroe.dk\\\/wp-content\\\/uploads\\\/2024\\\/05\\\/MAGNA_LUX__Aero_053-1.jpg\",\"contentUrl\":\"https:\\\/\\\/hotelaeroe.dk\\\/wp-content\\\/uploads\\\/2024\\\/05\\\/MAGNA_LUX__Aero_053-1.jpg\",\"width\":1920,\"height\":1280,\"caption\":\"Receptionen og loungeomr\u00e5de hos Hotel \u00c6r\u00f8\"},{\"@type\":\"BreadcrumbList\",\"@id\":\"https:\\\/\\\/hotelaeroe.dk\\\/privatlivspolitik\\\/#breadcrumb\",\"itemListElement\":[{\"@type\":\"ListItem\",\"position\":1,\"name\":\"Hjem\",\"item\":\"https:\\\/\\\/hotelaeroe.dk\\\/\"},{\"@type\":\"ListItem\",\"position\":2,\"name\":\"Privatlivspolitik\"}]},{\"@type\":\"WebSite\",\"@id\":\"https:\\\/\\\/hotelaeroe.dk\\\/#website\",\"url\":\"https:\\\/\\\/hotelaeroe.dk\\\/\",\"name\":\"Hotel \u00c6r\u00f8\",\"description\":\"\",\"publisher\":{\"@id\":\"https:\\\/\\\/hotelaeroe.dk\\\/#organization\"},\"potentialAction\":[{\"@type\":\"SearchAction\",\"target\":{\"@type\":\"EntryPoint\",\"urlTemplate\":\"https:\\\/\\\/hotelaeroe.dk\\\/?s={search_term_string}\"},\"query-input\":{\"@type\":\"PropertyValueSpecification\",\"valueRequired\":true,\"valueName\":\"search_term_string\"}}],\"inLanguage\":\"de\"},{\"@type\":\"Organization\",\"@id\":\"https:\\\/\\\/hotelaeroe.dk\\\/#organization\",\"name\":\"Hotel \u00c6r\u00f8\",\"url\":\"https:\\\/\\\/hotelaeroe.dk\\\/\",\"logo\":{\"@type\":\"ImageObject\",\"inLanguage\":\"de\",\"@id\":\"https:\\\/\\\/hotelaeroe.dk\\\/#\\\/schema\\\/logo\\\/image\\\/\",\"url\":\"https:\\\/\\\/hotelaeroe.dk\\\/wp-content\\\/uploads\\\/2021\\\/01\\\/Hae_logo_hvid.svg\",\"contentUrl\":\"https:\\\/\\\/hotelaeroe.dk\\\/wp-content\\\/uploads\\\/2021\\\/01\\\/Hae_logo_hvid.svg\",\"width\":259,\"height\":47,\"caption\":\"Hotel \u00c6r\u00f8\"},\"image\":{\"@id\":\"https:\\\/\\\/hotelaeroe.dk\\\/#\\\/schema\\\/logo\\\/image\\\/\"}}]}<\/script>\n<!-- \/ Yoast SEO plugin. -->","yoast_head_json":{"title":"Datenschutzbestimmungen | Hotel \u00c6r\u00f8 | Mehr erfahren","description":"Mit dieser Richtlinie m\u00f6chten wir Sie dar\u00fcber informieren, welche Informationen erfasst und verarbeitet werden und wie lange diese gespeichert werden. Mehr dazu finden Sie hier.","robots":{"index":"index","follow":"follow","max-snippet":"max-snippet:-1","max-image-preview":"max-image-preview:large","max-video-preview":"max-video-preview:-1"},"canonical":"https:\/\/hotelaeroe.dk\/de\/datenschutzrichtlinie\/","og_locale":"de_DE","og_type":"article","og_title":"Privatlivspolitik | Hotel \u00c6r\u00f8 | L\u00e6s mere her","og_description":"Med denne politik \u00f8nsker vi at informere dig om, hvilke oplysninger der indsamles og behandles og hvor l\u00e6nge de opbevares. Se mere her.","og_url":"https:\/\/hotelaeroe.dk\/de\/datenschutzrichtlinie\/","og_site_name":"Hotel \u00c6r\u00f8","article_modified_time":"2025-01-06T09:34:25+00:00","og_image":[{"width":1920,"height":1280,"url":"https:\/\/hotelaeroe.dk\/wp-content\/uploads\/2024\/05\/MAGNA_LUX__Aero_053-1.jpg","type":"image\/jpeg"}],"twitter_card":"summary_large_image","twitter_misc":{"Gesch\u00e4tzte Lesezeit":"11\u00a0Minuten"},"schema":{"@context":"https:\/\/schema.org","@graph":[{"@type":"WebPage","@id":"https:\/\/hotelaeroe.dk\/privatlivspolitik\/","url":"https:\/\/hotelaeroe.dk\/privatlivspolitik\/","name":"Datenschutzbestimmungen | Hotel \u00c6r\u00f8 | Mehr erfahren","isPartOf":{"@id":"https:\/\/hotelaeroe.dk\/#website"},"primaryImageOfPage":{"@id":"https:\/\/hotelaeroe.dk\/privatlivspolitik\/#primaryimage"},"image":{"@id":"https:\/\/hotelaeroe.dk\/privatlivspolitik\/#primaryimage"},"thumbnailUrl":"https:\/\/hotelaeroe.dk\/wp-content\/uploads\/2024\/05\/MAGNA_LUX__Aero_053-1.jpg","datePublished":"2024-05-15T06:47:57+00:00","dateModified":"2025-01-06T09:34:25+00:00","description":"Mit dieser Richtlinie m\u00f6chten wir Sie dar\u00fcber informieren, welche Informationen erfasst und verarbeitet werden und wie lange diese gespeichert werden. Mehr dazu finden Sie hier.","breadcrumb":{"@id":"https:\/\/hotelaeroe.dk\/privatlivspolitik\/#breadcrumb"},"inLanguage":"de","potentialAction":[{"@type":"ReadAction","target":["https:\/\/hotelaeroe.dk\/privatlivspolitik\/"]}]},{"@type":"ImageObject","inLanguage":"de","@id":"https:\/\/hotelaeroe.dk\/privatlivspolitik\/#primaryimage","url":"https:\/\/hotelaeroe.dk\/wp-content\/uploads\/2024\/05\/MAGNA_LUX__Aero_053-1.jpg","contentUrl":"https:\/\/hotelaeroe.dk\/wp-content\/uploads\/2024\/05\/MAGNA_LUX__Aero_053-1.jpg","width":1920,"height":1280,"caption":"Receptionen og loungeomr\u00e5de hos Hotel \u00c6r\u00f8"},{"@type":"BreadcrumbList","@id":"https:\/\/hotelaeroe.dk\/privatlivspolitik\/#breadcrumb","itemListElement":[{"@type":"ListItem","position":1,"name":"Hjem","item":"https:\/\/hotelaeroe.dk\/"},{"@type":"ListItem","position":2,"name":"Privatlivspolitik"}]},{"@type":"WebSite","@id":"https:\/\/hotelaeroe.dk\/#website","url":"https:\/\/hotelaeroe.dk\/","name":"Hotel Aero","description":"","publisher":{"@id":"https:\/\/hotelaeroe.dk\/#organization"},"potentialAction":[{"@type":"SearchAction","target":{"@type":"EntryPoint","urlTemplate":"https:\/\/hotelaeroe.dk\/?s={search_term_string}"},"query-input":{"@type":"PropertyValueSpecification","valueRequired":true,"valueName":"search_term_string"}}],"inLanguage":"de"},{"@type":"Organization","@id":"https:\/\/hotelaeroe.dk\/#organization","name":"Hotel Aero","url":"https:\/\/hotelaeroe.dk\/","logo":{"@type":"ImageObject","inLanguage":"de","@id":"https:\/\/hotelaeroe.dk\/#\/schema\/logo\/image\/","url":"https:\/\/hotelaeroe.dk\/wp-content\/uploads\/2021\/01\/Hae_logo_hvid.svg","contentUrl":"https:\/\/hotelaeroe.dk\/wp-content\/uploads\/2021\/01\/Hae_logo_hvid.svg","width":259,"height":47,"caption":"Hotel \u00c6r\u00f8"},"image":{"@id":"https:\/\/hotelaeroe.dk\/#\/schema\/logo\/image\/"}}]}},"_links":{"self":[{"href":"https:\/\/hotelaeroe.dk\/de\/wp-json\/wp\/v2\/pages\/1573","targetHints":{"allow":["GET"]}}],"collection":[{"href":"https:\/\/hotelaeroe.dk\/de\/wp-json\/wp\/v2\/pages"}],"about":[{"href":"https:\/\/hotelaeroe.dk\/de\/wp-json\/wp\/v2\/types\/page"}],"author":[{"embeddable":true,"href":"https:\/\/hotelaeroe.dk\/de\/wp-json\/wp\/v2\/users\/2"}],"replies":[{"embeddable":true,"href":"https:\/\/hotelaeroe.dk\/de\/wp-json\/wp\/v2\/comments?post=1573"}],"version-history":[{"count":10,"href":"https:\/\/hotelaeroe.dk\/de\/wp-json\/wp\/v2\/pages\/1573\/revisions"}],"predecessor-version":[{"id":2711,"href":"https:\/\/hotelaeroe.dk\/de\/wp-json\/wp\/v2\/pages\/1573\/revisions\/2711"}],"wp:featuredmedia":[{"embeddable":true,"href":"https:\/\/hotelaeroe.dk\/de\/wp-json\/wp\/v2\/media\/1948"}],"wp:attachment":[{"href":"https:\/\/hotelaeroe.dk\/de\/wp-json\/wp\/v2\/media?parent=1573"}],"curies":[{"name":"wp","href":"https:\/\/api.w.org\/{rel}","templated":true}]}}